{"id":823,"date":"2022-02-07T10:08:01","date_gmt":"2022-02-07T09:08:01","guid":{"rendered":"http:\/\/2022.steinwerkstatt.com\/?page_id=823"},"modified":"2026-03-20T15:31:59","modified_gmt":"2026-03-20T14:31:59","slug":"restaurierung","status":"publish","type":"page","link":"https:\/\/suedtirol.steinwerkstatt.com\/it\/restaurierung\/","title":{"rendered":"Restauro"},"content":{"rendered":"\t\t<div data-elementor-type=\"wp-page\" data-elementor-id=\"823\" class=\"elementor elementor-823\">\n\t\t\t\t\t\t<section class=\"elementor-section elementor-top-section elementor-element elementor-element-3643de7 elementor-section-boxed elementor-section-height-default elementor-section-height-default\" data-id=\"3643de7\" data-element_type=\"section\" data-e-type=\"section\" data-settings=\"{&quot;background_background&quot;:&quot;classic&quot;}\">\n\t\t\t\t\t\t\t<div class=\"elementor-background-overlay\"><\/div>\n\t\t\t\t\t\t\t<div class=\"elementor-container elementor-column-gap-no\">\n\t\t\t\t\t<div class=\"elementor-column elementor-col-100 elementor-top-column elementor-element elementor-element-e5a2303\" data-id=\"e5a2303\" data-element_type=\"column\" data-e-type=\"column\">\n\t\t\t<div class=\"elementor-widget-wrap elementor-element-populated\">\n\t\t\t\t\t\t<div class=\"elementor-element elementor-element-394c2fd elementor-widget__width-initial elementor-widget elementor-widget-heading\" data-id=\"394c2fd\" data-element_type=\"widget\" data-e-type=\"widget\" data-widget_type=\"heading.default\">\n\t\t\t\t<div class=\"elementor-widget-container\">\n\t\t\t\t\t<h1 class=\"elementor-heading-title elementor-size-default\">Naturstein- und Denkmal&shy;restaurierung in S\u00fcdtirol<\/h1>\t\t\t\t<\/div>\n\t\t\t\t<\/div>\n\t\t\t\t\t<\/div>\n\t\t<\/div>\n\t\t\t\t\t<\/div>\n\t\t<\/section>\n\t\t\t\t<section class=\"elementor-section elementor-top-section elementor-element elementor-element-da19b72 animated-slow elementor-section-boxed elementor-section-height-default elementor-section-height-default elementor-invisible\" data-id=\"da19b72\" data-element_type=\"section\" data-e-type=\"section\" data-settings=\"{&quot;background_background&quot;:&quot;classic&quot;,&quot;animation&quot;:&quot;fadeIn&quot;}\">\n\t\t\t\t\t\t\t<div class=\"elementor-background-overlay\"><\/div>\n\t\t\t\t\t\t\t<div class=\"elementor-container elementor-column-gap-no\">\n\t\t\t\t\t<div class=\"elementor-column elementor-col-100 elementor-top-column elementor-element elementor-element-cd14589\" data-id=\"cd14589\" data-element_type=\"column\" data-e-type=\"column\">\n\t\t\t<div class=\"elementor-widget-wrap elementor-element-populated\">\n\t\t\t\t\t\t<div class=\"elementor-element elementor-element-9b2049b elementor-widget elementor-widget-heading\" data-id=\"9b2049b\" data-element_type=\"widget\" data-e-type=\"widget\" data-widget_type=\"heading.default\">\n\t\t\t\t<div class=\"elementor-widget-container\">\n\t\t\t\t\t<h2 class=\"elementor-heading-title elementor-size-default\">Restaurierung von Naturstein<\/h2>\t\t\t\t<\/div>\n\t\t\t\t<\/div>\n\t\t\t\t<div class=\"elementor-element elementor-element-729982c list-style-inside elementor-widget elementor-widget-text-editor\" data-id=\"729982c\" data-element_type=\"widget\" data-e-type=\"widget\" data-widget_type=\"text-editor.default\">\n\t\t\t\t<div class=\"elementor-widget-container\">\n\t\t\t\t\t\t\t\t\t<p>Gerne \u00fcbernehmen wir Restaurierungsarbeiten an Naturstein von Kirchen und Denkm\u00e4lern. Dar\u00fcber hinaus f\u00fchren wir fachgerechte Reinigungs-, Instandhaltungs- und Sicherungsma\u00dfnahmen durch.<\/p>\n<h3><span style=\"font-style: inherit;\"><b>Unsere Leistungen<\/b><\/span><\/h3>\n<ul>\n<li>Restaurierung von Kirchen, Denkm\u00e4lern, Fassaden und Figuren<\/li>\n<li>Bearbeitung von Sichtbeton<\/li><li>Stocken und Sandstrahlen<\/li>\n<\/ul>\t\t\t\t\t\t\t\t<\/div>\n\t\t\t\t<\/div>\n\t\t\t\t<div class=\"elementor-element elementor-element-69997d6 elementor-align-center elementor-widget elementor-widget-button\" data-id=\"69997d6\" data-element_type=\"widget\" data-e-type=\"widget\" data-widget_type=\"button.default\">\n\t\t\t\t<div class=\"elementor-widget-container\">\n\t\t\t\t\t\t\t\t\t<div class=\"elementor-button-wrapper\">\n\t\t\t\t\t<a class=\"elementor-button elementor-button-link elementor-size-sm\" href=\"https:\/\/suedtirol.steinwerkstatt.com\/kontakt\/\">\n\t\t\t\t\t\t<span class=\"elementor-button-content-wrapper\">\n\t\t\t\t\t\t\t\t\t<span class=\"elementor-button-text\">Jetzt kontaktieren<\/span>\n\t\t\t\t\t<\/span>\n\t\t\t\t\t<\/a>\n\t\t\t\t<\/div>\n\t\t\t\t\t\t\t\t<\/div>\n\t\t\t\t<\/div>\n\t\t\t\t\t<\/div>\n\t\t<\/div>\n\t\t\t\t\t<\/div>\n\t\t<\/section>\n\t\t\t\t<section class=\"elementor-section elementor-top-section elementor-element elementor-element-7c68227 animated-slow elementor-hidden-desktop elementor-hidden-tablet elementor-hidden-mobile elementor-section-boxed elementor-section-height-default elementor-section-height-default\" data-id=\"7c68227\" data-element_type=\"section\" data-e-type=\"section\" data-settings=\"{&quot;background_background&quot;:&quot;classic&quot;,&quot;animation&quot;:&quot;none&quot;}\">\n\t\t\t\t\t\t<div class=\"elementor-container elementor-column-gap-no\">\n\t\t\t\t\t<div class=\"elementor-column elementor-col-100 elementor-top-column elementor-element elementor-element-81aa885 elementor-invisible\" data-id=\"81aa885\" data-element_type=\"column\" data-e-type=\"column\" data-settings=\"{&quot;animation&quot;:&quot;fadeIn&quot;}\">\n\t\t\t<div class=\"elementor-widget-wrap elementor-element-populated\">\n\t\t\t\t\t\t<div class=\"elementor-element elementor-element-c0afc9d elementor-widget elementor-widget-heading\" data-id=\"c0afc9d\" data-element_type=\"widget\" data-e-type=\"widget\" data-widget_type=\"heading.default\">\n\t\t\t\t<div class=\"elementor-widget-container\">\n\t\t\t\t\t<h2 class=\"elementor-heading-title elementor-size-default\">Errichten von Kapellen und Bildst\u00f6cken<\/h2>\t\t\t\t<\/div>\n\t\t\t\t<\/div>\n\t\t\t\t<div class=\"elementor-element elementor-element-16fdb32 elementor-widget elementor-widget-text-editor\" data-id=\"16fdb32\" data-element_type=\"widget\" data-e-type=\"widget\" data-widget_type=\"text-editor.default\">\n\t\t\t\t<div class=\"elementor-widget-container\">\n\t\t\t\t\t\t\t\t\t<p>Auch Bildst\u00f6cke und kleinere Bauwerke k\u00f6nnen von uns aus massivem Bruchsteinmauerwerk errichtet werden.<\/p>\t\t\t\t\t\t\t\t<\/div>\n\t\t\t\t<\/div>\n\t\t\t\t\t<\/div>\n\t\t<\/div>\n\t\t\t\t\t<\/div>\n\t\t<\/section>\n\t\t\t\t<section class=\"elementor-section elementor-top-section elementor-element elementor-element-9e6f37e animated-slow elementor-hidden-desktop elementor-hidden-tablet elementor-hidden-mobile elementor-section-boxed elementor-section-height-default elementor-section-height-default\" data-id=\"9e6f37e\" data-element_type=\"section\" data-e-type=\"section\" data-settings=\"{&quot;background_background&quot;:&quot;classic&quot;,&quot;animation&quot;:&quot;none&quot;}\">\n\t\t\t\t\t\t<div class=\"elementor-container elementor-column-gap-no\">\n\t\t\t\t\t<div class=\"elementor-column elementor-col-100 elementor-top-column elementor-element elementor-element-3b2f472 elementor-invisible\" data-id=\"3b2f472\" data-element_type=\"column\" data-e-type=\"column\" data-settings=\"{&quot;animation&quot;:&quot;fadeIn&quot;}\">\n\t\t\t<div class=\"elementor-widget-wrap elementor-element-populated\">\n\t\t\t\t\t\t<div class=\"elementor-element elementor-element-9527d3c elementor-widget elementor-widget-heading\" data-id=\"9527d3c\" data-element_type=\"widget\" data-e-type=\"widget\" data-widget_type=\"heading.default\">\n\t\t\t\t<div class=\"elementor-widget-container\">\n\t\t\t\t\t<h2 class=\"elementor-heading-title elementor-size-default\">Mauern gro\u00df &amp; klein.<\/h2>\t\t\t\t<\/div>\n\t\t\t\t<\/div>\n\t\t\t\t<div class=\"elementor-element elementor-element-f88114f list-style-inside elementor-widget elementor-widget-text-editor\" data-id=\"f88114f\" data-element_type=\"widget\" data-e-type=\"widget\" data-widget_type=\"text-editor.default\">\n\t\t\t\t<div class=\"elementor-widget-container\">\n\t\t\t\t\t\t\t\t\t<p>Wir realisieren Bruchsteinmauerwerk im Innen- und Au\u00dfenbereich. Steinmauern sind in der modernen Architektur sehr gefragt. Sie sind sehr langlebig und geben dem Objekt einen unvergleichlichen Charakter. Die Mauern sind auch sehr interessant zur Verkleidung von Bar- oder Tresenbereichen in Hotels, oder auch f\u00fcr den Wellnessbereich.<\/p><p><strong>Weitere Leistungen<\/strong><\/p><ul><li>Restaurierung von Kirchen, Denkmalen, Fassaden, Figuren<\/li><li>Sichtbeton, Stocken und Sandstrahlen<\/li><\/ul>\t\t\t\t\t\t\t\t<\/div>\n\t\t\t\t<\/div>\n\t\t\t\t\t<\/div>\n\t\t<\/div>\n\t\t\t\t\t<\/div>\n\t\t<\/section>\n\t\t\t\t<section class=\"elementor-section elementor-top-section elementor-element elementor-element-1a8cb93 animated-slow elementor-section-boxed elementor-section-height-default elementor-section-height-default elementor-invisible\" data-id=\"1a8cb93\" data-element_type=\"section\" data-e-type=\"section\" data-settings=\"{&quot;animation&quot;:&quot;fadeIn&quot;}\">\n\t\t\t\t\t\t<div class=\"elementor-container elementor-column-gap-default\">\n\t\t\t\t\t<div class=\"elementor-column elementor-col-100 elementor-top-column elementor-element elementor-element-5844d75\" data-id=\"5844d75\" data-element_type=\"column\" data-e-type=\"column\">\n\t\t\t<div class=\"elementor-widget-wrap elementor-element-populated\">\n\t\t\t\t\t\t<div class=\"elementor-element elementor-element-297017b elementor-widget elementor-widget-heading\" data-id=\"297017b\" data-element_type=\"widget\" data-e-type=\"widget\" data-widget_type=\"heading.default\">\n\t\t\t\t<div class=\"elementor-widget-container\">\n\t\t\t\t\t<h2 class=\"elementor-heading-title elementor-size-default\">Unsere Restaurierungsprojekte<\/h2>\t\t\t\t<\/div>\n\t\t\t\t<\/div>\n\t\t\t\t<div class=\"elementor-element elementor-element-e6f13c7 elementor-widget elementor-widget-text-editor\" data-id=\"e6f13c7\" data-element_type=\"widget\" data-e-type=\"widget\" data-widget_type=\"text-editor.default\">\n\t\t\t\t<div class=\"elementor-widget-container\">\n\t\t\t\t\t\t\t\t\t<p><div  id=\"jtg-1102\" class=\"modula modula-gallery modula-columns\" data-config=\"{&quot;tabletHeight&quot;:800,&quot;mobileHeight&quot;:800,&quot;desktopHeight&quot;:800,&quot;enableTwitter&quot;:false,&quot;enableWhatsapp&quot;:false,&quot;enableFacebook&quot;:false,&quot;enablePinterest&quot;:false,&quot;enableLinkedin&quot;:false,&quot;enableEmail&quot;:false,&quot;randomFactor&quot;:0.5,&quot;type&quot;:&quot;grid&quot;,&quot;columns&quot;:12,&quot;gutter&quot;:10,&quot;mobileGutter&quot;:10,&quot;tabletGutter&quot;:10,&quot;desktopGutter&quot;:10,&quot;enableResponsive&quot;:&quot;0&quot;,&quot;tabletColumns&quot;:2,&quot;mobileColumns&quot;:1,&quot;lazyLoad&quot;:0,&quot;lightboxOpts&quot;:{&quot;animated&quot;:true,&quot;Thumbs&quot;:{&quot;type&quot;:&quot;modern&quot;,&quot;showOnStart&quot;:false},&quot;Toolbar&quot;:{&quot;display&quot;:{&quot;right&quot;:[&quot;close&quot;]},&quot;enabled&quot;:true},&quot;Carousel&quot;:{&quot;Panzoom&quot;:{&quot;touch&quot;:true},&quot;infinite&quot;:false},&quot;keyboard&quot;:{&quot;Escape&quot;:&quot;close&quot;,&quot;Delete&quot;:&quot;close&quot;,&quot;Backspace&quot;:&quot;close&quot;,&quot;PageUp&quot;:false,&quot;PageDown&quot;:false,&quot;ArrowUp&quot;:false,&quot;ArrowDown&quot;:false,&quot;ArrowRight&quot;:false,&quot;ArrowLeft&quot;:false},&quot;touch&quot;:false,&quot;backdropClick&quot;:false,&quot;l10n&quot;:{&quot;CLOSE&quot;:&quot;Close&quot;,&quot;NEXT&quot;:&quot;Next&quot;,&quot;PREV&quot;:&quot;Previous&quot;,&quot;Error&quot;:&quot;The requested content cannot be loaded. Please try again later.&quot;,&quot;PLAY_START&quot;:&quot;Start slideshow&quot;,&quot;PLAY_STOP&quot;:&quot;Pause slideshow&quot;,&quot;FULL_SCREEN&quot;:&quot;Full screen&quot;,&quot;THUMBS&quot;:&quot;Thumbnails&quot;,&quot;DOWNLOAD&quot;:&quot;Download&quot;,&quot;SHARE&quot;:&quot;Share&quot;,&quot;ZOOM&quot;:&quot;Zoom&quot;,&quot;EMAIL&quot;:&quot;Here is the link to the image : %%image_link%% and this is the link to the gallery : %%gallery_link%%&quot;,&quot;MODAL&quot;:&quot;You can close this modal content with the ESC key&quot;,&quot;ERROR&quot;:&quot;Something Went Wrong, Please Try Again Later&quot;,&quot;IMAGE_ERROR&quot;:&quot;Image Not Found&quot;,&quot;ELEMENT_NOT_FOUND&quot;:&quot;HTML Element Not Found&quot;,&quot;AJAX_NOT_FOUND&quot;:&quot;Error Loading AJAX : Not Found&quot;,&quot;AJAX_FORBIDDEN&quot;:&quot;Error Loading AJAX : Forbidden&quot;,&quot;IFRAME_ERROR&quot;:&quot;Error Loading Page&quot;,&quot;TOGGLE_ZOOM&quot;:&quot;Toggle zoom level&quot;,&quot;TOGGLE_THUMBS&quot;:&quot;Toggle thumbnails&quot;,&quot;TOGGLE_SLIDESHOW&quot;:&quot;Toggle slideshow&quot;,&quot;TOGGLE_FULLSCREEN&quot;:&quot;Toggle full-screen mode&quot;},&quot;Images&quot;:{&quot;Panzoom&quot;:{&quot;maxScale&quot;:2}},&quot;mainClass&quot;:&quot;modula-fancybox-container modula-lightbox-jtg-1102&quot;,&quot;Html&quot;:{&quot;videoAutoplay&quot;:0,&quot;videoTpl&quot;:&quot;&lt;video class=\\&quot;fancybox__html5video\\&quot; controls muted playsinline controlsList controlsList=\\&quot;nodownload\\&quot; poster=\\&quot;{{poster}}\\&quot; src=\\&quot;{{src}}\\&quot; type=\\&quot;{{format}}\\&quot; &gt;  Sorry, your browser doesn&#039;t support embedded videos, &lt;a href=\\&quot;{{src}}\\&quot;&gt; download &lt;\\\/a&gt; and watch with your favorite video player! &lt;\\\/video&gt;&quot;}},&quot;inView&quot;:false,&quot;email_subject&quot;:&quot;Check out this awesome image !!&quot;,&quot;email_message&quot;:&quot;Here is the link to the image : %%image_link%% and this is the link to the gallery : %%gallery_link%%&quot;,&quot;grid_type&quot;:&quot;automatic&quot;,&quot;rowHeight&quot;:350,&quot;lastRow&quot;:&quot;justify&quot;,&quot;lightbox&quot;:&quot;fancybox&quot;}\">\n\n\t\n\t<div  class=\"modula-items grid-gallery\">\n\t\t<div class=\"modula-item effect-pufrobo\" >\n\t<div class=\"modula-item-overlay\"><\/div>\n\n\t<div class=\"modula-item-content\">\n\n\t\t<a data-image-id=\"1841\" role=\"button\" data-elementor-open-lightbox=\"no\" tabindex=\"0\" rel=\"jtg-1102\" data-caption=\"\" aria-label=\"Open image in lightbox\" class=\"tile-inner modula-item-link\"><\/a><img fetchpriority=\"high\" decoding=\"async\" class=\"pic wp-image-1841\"  data-valign=\"middle\" data-halign=\"center\" alt=\"\" data-full=\"https:\/\/suedtirol.steinwerkstatt.com\/wp-content\/uploads\/2026\/03\/IMG_5965.jpeg\" title=\"IMG_5965\" crop=\"\" width=\"768\" height=\"1024\" src=\"https:\/\/suedtirol.steinwerkstatt.com\/wp-content\/uploads\/2026\/03\/IMG_5965-768x1024.jpeg\" data-src=\"https:\/\/suedtirol.steinwerkstatt.com\/wp-content\/uploads\/2026\/03\/IMG_5965-768x1024.jpeg\" data-caption=\"\" srcset=\"https:\/\/suedtirol.steinwerkstatt.com\/wp-content\/uploads\/2026\/03\/IMG_5965.jpeg 960w, https:\/\/suedtirol.steinwerkstatt.com\/wp-content\/uploads\/2026\/03\/IMG_5965-225x300.jpeg 225w, https:\/\/suedtirol.steinwerkstatt.com\/wp-content\/uploads\/2026\/03\/IMG_5965-768x1024.jpeg 768w, https:\/\/suedtirol.steinwerkstatt.com\/wp-content\/uploads\/2026\/03\/IMG_5965-9x12.jpeg 9w\" sizes=\"(max-width: 768px) 100vw, 768px\" \/>\n\t\t<div class=\"figc no-description\">\n\t\t\t<div class=\"figc-inner\">\n\t\t\t\t\t\t\t\t\t\t\t\t\t\t\t<\/div>\n\t\t<\/div>\n\n\t<\/div>\n\n<\/div><div class=\"modula-item effect-pufrobo\" >\n\t<div class=\"modula-item-overlay\"><\/div>\n\n\t<div class=\"modula-item-content\">\n\n\t\t<a data-image-id=\"1153\" role=\"button\" data-elementor-open-lightbox=\"no\" tabindex=\"0\" rel=\"jtg-1102\" data-caption=\"\" aria-label=\"Open image in lightbox\" class=\"tile-inner modula-item-link\"><\/a><img decoding=\"async\" class=\"pic wp-image-1153\"  data-valign=\"middle\" data-halign=\"center\" alt=\"\" data-full=\"https:\/\/suedtirol.steinwerkstatt.com\/wp-content\/uploads\/2024\/08\/Kirchenfenster.jpg\" title=\"Kirchenfenster\" crop=\"\" width=\"768\" height=\"1024\" src=\"https:\/\/suedtirol.steinwerkstatt.com\/wp-content\/uploads\/2024\/08\/Kirchenfenster-768x1024.jpg\" data-src=\"https:\/\/suedtirol.steinwerkstatt.com\/wp-content\/uploads\/2024\/08\/Kirchenfenster-768x1024.jpg\" data-caption=\"\" srcset=\"https:\/\/suedtirol.steinwerkstatt.com\/wp-content\/uploads\/2024\/08\/Kirchenfenster.jpg 1200w, https:\/\/suedtirol.steinwerkstatt.com\/wp-content\/uploads\/2024\/08\/Kirchenfenster-225x300.jpg 225w, https:\/\/suedtirol.steinwerkstatt.com\/wp-content\/uploads\/2024\/08\/Kirchenfenster-768x1024.jpg 768w, https:\/\/suedtirol.steinwerkstatt.com\/wp-content\/uploads\/2024\/08\/Kirchenfenster-1152x1536.jpg 1152w\" sizes=\"(max-width: 768px) 100vw, 768px\" \/>\n\t\t<div class=\"figc no-description\">\n\t\t\t<div class=\"figc-inner\">\n\t\t\t\t\t\t\t\t\t\t\t\t\t\t\t<\/div>\n\t\t<\/div>\n\n\t<\/div>\n\n<\/div><div class=\"modula-item effect-pufrobo\" >\n\t<div class=\"modula-item-overlay\"><\/div>\n\n\t<div class=\"modula-item-content\">\n\n\t\t<a data-image-id=\"783\" role=\"button\" data-elementor-open-lightbox=\"no\" tabindex=\"0\" rel=\"jtg-1102\" data-caption=\"\" aria-label=\"Open image in lightbox\" class=\"tile-inner modula-item-link\"><\/a><img decoding=\"async\" class=\"pic wp-image-783\"  data-valign=\"middle\" data-halign=\"center\" alt=\"\" data-full=\"https:\/\/suedtirol.steinwerkstatt.com\/wp-content\/uploads\/2022\/02\/20210909_123942.jpg\" title=\"20210909_123942\" crop=\"\" width=\"1024\" height=\"768\" src=\"https:\/\/suedtirol.steinwerkstatt.com\/wp-content\/uploads\/2022\/02\/20210909_123942-1024x768.jpg\" data-src=\"https:\/\/suedtirol.steinwerkstatt.com\/wp-content\/uploads\/2022\/02\/20210909_123942-1024x768.jpg\" data-caption=\"\" srcset=\"https:\/\/suedtirol.steinwerkstatt.com\/wp-content\/uploads\/2022\/02\/20210909_123942.jpg 1920w, https:\/\/suedtirol.steinwerkstatt.com\/wp-content\/uploads\/2022\/02\/20210909_123942-300x225.jpg 300w, https:\/\/suedtirol.steinwerkstatt.com\/wp-content\/uploads\/2022\/02\/20210909_123942-1024x768.jpg 1024w, https:\/\/suedtirol.steinwerkstatt.com\/wp-content\/uploads\/2022\/02\/20210909_123942-768x576.jpg 768w, https:\/\/suedtirol.steinwerkstatt.com\/wp-content\/uploads\/2022\/02\/20210909_123942-1536x1152.jpg 1536w\" sizes=\"(max-width: 1024px) 100vw, 1024px\" \/>\n\t\t<div class=\"figc no-description\">\n\t\t\t<div class=\"figc-inner\">\n\t\t\t\t\t\t\t\t\t\t\t\t\t\t\t<\/div>\n\t\t<\/div>\n\n\t<\/div>\n\n<\/div><div class=\"modula-item effect-pufrobo\" >\n\t<div class=\"modula-item-overlay\"><\/div>\n\n\t<div class=\"modula-item-content\">\n\n\t\t<a data-image-id=\"782\" role=\"button\" data-elementor-open-lightbox=\"no\" tabindex=\"0\" rel=\"jtg-1102\" data-caption=\"\" aria-label=\"Open image in lightbox\" class=\"tile-inner modula-item-link\"><\/a><img loading=\"lazy\" decoding=\"async\" class=\"pic wp-image-782\"  data-valign=\"middle\" data-halign=\"center\" alt=\"\" data-full=\"https:\/\/suedtirol.steinwerkstatt.com\/wp-content\/uploads\/2022\/02\/20210907_164011.jpg\" title=\"20210907_164011\" crop=\"\" width=\"1024\" height=\"768\" src=\"https:\/\/suedtirol.steinwerkstatt.com\/wp-content\/uploads\/2022\/02\/20210907_164011-1024x768.jpg\" data-src=\"https:\/\/suedtirol.steinwerkstatt.com\/wp-content\/uploads\/2022\/02\/20210907_164011-1024x768.jpg\" data-caption=\"\" srcset=\"https:\/\/suedtirol.steinwerkstatt.com\/wp-content\/uploads\/2022\/02\/20210907_164011.jpg 1920w, https:\/\/suedtirol.steinwerkstatt.com\/wp-content\/uploads\/2022\/02\/20210907_164011-300x225.jpg 300w, https:\/\/suedtirol.steinwerkstatt.com\/wp-content\/uploads\/2022\/02\/20210907_164011-1024x768.jpg 1024w, https:\/\/suedtirol.steinwerkstatt.com\/wp-content\/uploads\/2022\/02\/20210907_164011-768x576.jpg 768w, https:\/\/suedtirol.steinwerkstatt.com\/wp-content\/uploads\/2022\/02\/20210907_164011-1536x1152.jpg 1536w\" sizes=\"(max-width: 1024px) 100vw, 1024px\" \/>\n\t\t<div class=\"figc no-description\">\n\t\t\t<div class=\"figc-inner\">\n\t\t\t\t\t\t\t\t\t\t\t\t\t\t\t<\/div>\n\t\t<\/div>\n\n\t<\/div>\n\n<\/div><div class=\"modula-item effect-pufrobo\" >\n\t<div class=\"modula-item-overlay\"><\/div>\n\n\t<div class=\"modula-item-content\">\n\n\t\t<a data-image-id=\"781\" role=\"button\" data-elementor-open-lightbox=\"no\" tabindex=\"0\" rel=\"jtg-1102\" data-caption=\"\" aria-label=\"Open image in lightbox\" class=\"tile-inner modula-item-link\"><\/a><img loading=\"lazy\" decoding=\"async\" class=\"pic wp-image-781\"  data-valign=\"middle\" data-halign=\"center\" alt=\"\" data-full=\"https:\/\/suedtirol.steinwerkstatt.com\/wp-content\/uploads\/2022\/02\/20210907_163658.jpg\" title=\"20210907_163658\" crop=\"\" width=\"1024\" height=\"768\" src=\"https:\/\/suedtirol.steinwerkstatt.com\/wp-content\/uploads\/2022\/02\/20210907_163658-1024x768.jpg\" data-src=\"https:\/\/suedtirol.steinwerkstatt.com\/wp-content\/uploads\/2022\/02\/20210907_163658-1024x768.jpg\" data-caption=\"\" srcset=\"https:\/\/suedtirol.steinwerkstatt.com\/wp-content\/uploads\/2022\/02\/20210907_163658.jpg 1920w, https:\/\/suedtirol.steinwerkstatt.com\/wp-content\/uploads\/2022\/02\/20210907_163658-300x225.jpg 300w, https:\/\/suedtirol.steinwerkstatt.com\/wp-content\/uploads\/2022\/02\/20210907_163658-1024x768.jpg 1024w, https:\/\/suedtirol.steinwerkstatt.com\/wp-content\/uploads\/2022\/02\/20210907_163658-768x576.jpg 768w, https:\/\/suedtirol.steinwerkstatt.com\/wp-content\/uploads\/2022\/02\/20210907_163658-1536x1152.jpg 1536w\" sizes=\"(max-width: 1024px) 100vw, 1024px\" \/>\n\t\t<div class=\"figc no-description\">\n\t\t\t<div class=\"figc-inner\">\n\t\t\t\t\t\t\t\t\t\t\t\t\t\t\t<\/div>\n\t\t<\/div>\n\n\t<\/div>\n\n<\/div><div class=\"modula-item effect-pufrobo\" >\n\t<div class=\"modula-item-overlay\"><\/div>\n\n\t<div class=\"modula-item-content\">\n\n\t\t<a data-image-id=\"780\" role=\"button\" data-elementor-open-lightbox=\"no\" tabindex=\"0\" rel=\"jtg-1102\" data-caption=\"\" aria-label=\"Open image in lightbox\" class=\"tile-inner modula-item-link\"><\/a><img loading=\"lazy\" decoding=\"async\" class=\"pic wp-image-780\"  data-valign=\"middle\" data-halign=\"center\" alt=\"\" data-full=\"https:\/\/suedtirol.steinwerkstatt.com\/wp-content\/uploads\/2022\/02\/20210901_191545.jpg\" title=\"20210901_191545\" crop=\"\" width=\"1024\" height=\"768\" src=\"https:\/\/suedtirol.steinwerkstatt.com\/wp-content\/uploads\/2022\/02\/20210901_191545-1024x768.jpg\" data-src=\"https:\/\/suedtirol.steinwerkstatt.com\/wp-content\/uploads\/2022\/02\/20210901_191545-1024x768.jpg\" data-caption=\"\" srcset=\"https:\/\/suedtirol.steinwerkstatt.com\/wp-content\/uploads\/2022\/02\/20210901_191545.jpg 1920w, https:\/\/suedtirol.steinwerkstatt.com\/wp-content\/uploads\/2022\/02\/20210901_191545-300x225.jpg 300w, https:\/\/suedtirol.steinwerkstatt.com\/wp-content\/uploads\/2022\/02\/20210901_191545-1024x768.jpg 1024w, https:\/\/suedtirol.steinwerkstatt.com\/wp-content\/uploads\/2022\/02\/20210901_191545-768x576.jpg 768w, https:\/\/suedtirol.steinwerkstatt.com\/wp-content\/uploads\/2022\/02\/20210901_191545-1536x1152.jpg 1536w\" sizes=\"(max-width: 1024px) 100vw, 1024px\" \/>\n\t\t<div class=\"figc no-description\">\n\t\t\t<div class=\"figc-inner\">\n\t\t\t\t\t\t\t\t\t\t\t\t\t\t\t<\/div>\n\t\t<\/div>\n\n\t<\/div>\n\n<\/div><div class=\"modula-item effect-pufrobo\" >\n\t<div class=\"modula-item-overlay\"><\/div>\n\n\t<div class=\"modula-item-content\">\n\n\t\t<a data-image-id=\"779\" role=\"button\" data-elementor-open-lightbox=\"no\" tabindex=\"0\" rel=\"jtg-1102\" data-caption=\"\" aria-label=\"Open image in lightbox\" class=\"tile-inner modula-item-link\"><\/a><img loading=\"lazy\" decoding=\"async\" class=\"pic wp-image-779\"  data-valign=\"middle\" data-halign=\"center\" alt=\"\" data-full=\"https:\/\/suedtirol.steinwerkstatt.com\/wp-content\/uploads\/2022\/02\/20210901_191519.jpg\" title=\"20210901_191519\" crop=\"\" width=\"1024\" height=\"768\" src=\"https:\/\/suedtirol.steinwerkstatt.com\/wp-content\/uploads\/2022\/02\/20210901_191519-1024x768.jpg\" data-src=\"https:\/\/suedtirol.steinwerkstatt.com\/wp-content\/uploads\/2022\/02\/20210901_191519-1024x768.jpg\" data-caption=\"\" srcset=\"https:\/\/suedtirol.steinwerkstatt.com\/wp-content\/uploads\/2022\/02\/20210901_191519.jpg 1920w, https:\/\/suedtirol.steinwerkstatt.com\/wp-content\/uploads\/2022\/02\/20210901_191519-300x225.jpg 300w, https:\/\/suedtirol.steinwerkstatt.com\/wp-content\/uploads\/2022\/02\/20210901_191519-1024x768.jpg 1024w, https:\/\/suedtirol.steinwerkstatt.com\/wp-content\/uploads\/2022\/02\/20210901_191519-768x576.jpg 768w, https:\/\/suedtirol.steinwerkstatt.com\/wp-content\/uploads\/2022\/02\/20210901_191519-1536x1152.jpg 1536w\" sizes=\"(max-width: 1024px) 100vw, 1024px\" \/>\n\t\t<div class=\"figc no-description\">\n\t\t\t<div class=\"figc-inner\">\n\t\t\t\t\t\t\t\t\t\t\t\t\t\t\t<\/div>\n\t\t<\/div>\n\n\t<\/div>\n\n<\/div>\t\t\n\t<\/div>\n\n\t\n\t\n\t<script type=\"application\/ld+json\">\n\t{\n\t\t\"@context\": \"http:\/\/schema.org\",\n\t\t\"@type\"   : \"ImageGallery\",\n\t\t\"id\"      : \"https:\/\/suedtirol.steinwerkstatt.com\/it\/restaurierung\/\",\n\t\t\"url\"     : \"https:\/\/suedtirol.steinwerkstatt.com\/it\/restaurierung\/\"\n\t}\n\n\t<\/script>\n\n\t\n<\/div>\n<\/p>\t\t\t\t\t\t\t\t<\/div>\n\t\t\t\t<\/div>\n\t\t\t\t\t<\/div>\n\t\t<\/div>\n\t\t\t\t\t<\/div>\n\t\t<\/section>\n\t\t\t\t<\/div>\n\t\t","protected":false},"excerpt":{"rendered":"<p>Naturstein- und Denkmal&shy;restaurierung in S\u00fcdtirol Restaurierung von Naturstein Gerne \u00fcbernehmen wir Restaurierungsarbeiten an Naturstein von Kirchen und Denkm\u00e4lern. Dar\u00fcber hinaus f\u00fchren wir fachgerechte Reinigungs-, Instandhaltungs- und Sicherungsma\u00dfnahmen durch. Unsere Leistungen Restaurierung von Kirchen, Denkm\u00e4lern, Fassaden und Figuren Bearbeitung von Sichtbeton Stocken und Sandstrahlen Jetzt kontaktieren Errichten von Kapellen und Bildst\u00f6cken Auch Bildst\u00f6cke und kleinere Bauwerke [&hellip;]<\/p>\n","protected":false},"author":1,"featured_media":0,"parent":0,"menu_order":0,"comment_status":"closed","ping_status":"closed","template":"","meta":{"site-sidebar-layout":"no-sidebar","site-content-layout":"page-builder","ast-site-content-layout":"full-width-container","site-content-style":"unboxed","site-sidebar-style":"unboxed","ast-global-header-display":"","ast-banner-title-visibility":"","ast-main-header-display":"","ast-hfb-above-header-display":"","ast-hfb-below-header-display":"","ast-hfb-mobile-header-display":"","site-post-title":"disabled","ast-breadcrumbs-content":"","ast-featured-img":"disabled","footer-sml-layout":"","ast-disable-related-posts":"","theme-transparent-header-meta":"enabled","adv-header-id-meta":"","stick-header-meta":"","header-above-stick-meta":"","header-main-stick-meta":"","header-below-stick-meta":"","astra-migrate-meta-layouts":"set","ast-page-background-enabled":"default","ast-page-background-meta":{"desktop":{"background-color":"","background-image":"","background-repeat":"repeat","background-position":"center center","background-size":"auto","background-attachment":"scroll","background-type":"","background-media":"","overlay-type":"","overlay-color":"","overlay-opacity":"","overlay-gradient":""},"tablet":{"background-color":"","background-image":"","background-repeat":"repeat","background-position":"center center","background-size":"auto","background-attachment":"scroll","background-type":"","background-media":"","overlay-type":"","overlay-color":"","overlay-opacity":"","overlay-gradient":""},"mobile":{"background-color":"","background-image":"","background-repeat":"repeat","background-position":"center center","background-size":"auto","background-attachment":"scroll","background-type":"","background-media":"","overlay-type":"","overlay-color":"","overlay-opacity":"","overlay-gradient":""}},"ast-content-background-meta":{"desktop":{"background-color":"var(--ast-global-color-5)","background-image":"","background-repeat":"repeat","background-position":"center center","background-size":"auto","background-attachment":"scroll","background-type":"","background-media":"","overlay-type":"","overlay-color":"","overlay-opacity":"","overlay-gradient":""},"tablet":{"background-color":"var(--ast-global-color-5)","background-image":"","background-repeat":"repeat","background-position":"center center","background-size":"auto","background-attachment":"scroll","background-type":"","background-media":"","overlay-type":"","overlay-color":"","overlay-opacity":"","overlay-gradient":""},"mobile":{"background-color":"var(--ast-global-color-5)","background-image":"","background-repeat":"repeat","background-position":"center center","background-size":"auto","background-attachment":"scroll","background-type":"","background-media":"","overlay-type":"","overlay-color":"","overlay-opacity":"","overlay-gradient":""}},"footnotes":""},"class_list":["post-823","page","type-page","status-publish","hentry"],"yoast_head":"<!-- This site is optimized with the Yoast SEO plugin v27.2 - https:\/\/yoast.com\/product\/yoast-seo-wordpress\/ -->\n<title>Naturstein- &amp; Denkmalrestaurierung in S\u00fcdtirol vom Profi<\/title>\n<meta name=\"description\" content=\"Fachgerechte Restaurierung von Naturstein, Fassaden und Denkm\u00e4lern in S\u00fcdtirol. Reinigung und nachhaltige Instandhaltung durch erfahrene Steinmetzmeister.\" \/>\n<meta name=\"robots\" content=\"index, follow, max-snippet:-1, max-image-preview:large, max-video-preview:-1\" \/>\n<link rel=\"canonical\" href=\"https:\/\/suedtirol.steinwerkstatt.com\/it\/restaurierung\/\" \/>\n<meta property=\"og:locale\" content=\"it_IT\" \/>\n<meta property=\"og:type\" content=\"article\" \/>\n<meta property=\"og:title\" content=\"Naturstein- &amp; Denkmalrestaurierung in S\u00fcdtirol vom Profi\" \/>\n<meta property=\"og:description\" content=\"Fachgerechte Restaurierung von Naturstein, Fassaden und Denkm\u00e4lern in S\u00fcdtirol. Reinigung und nachhaltige Instandhaltung durch erfahrene Steinmetzmeister.\" \/>\n<meta property=\"og:url\" content=\"https:\/\/suedtirol.steinwerkstatt.com\/it\/restaurierung\/\" \/>\n<meta property=\"og:site_name\" content=\"Schrade Stein Bildhauer\" \/>\n<meta property=\"article:modified_time\" content=\"2026-03-20T14:31:59+00:00\" \/>\n<meta property=\"og:image\" content=\"https:\/\/suedtirol.steinwerkstatt.com\/wp-content\/uploads\/2022\/02\/Schrade-Luis-11.jpg\" \/>\n\t<meta property=\"og:image:width\" content=\"1920\" \/>\n\t<meta property=\"og:image:height\" content=\"1280\" \/>\n\t<meta property=\"og:image:type\" content=\"image\/jpeg\" \/>\n<meta name=\"twitter:card\" content=\"summary_large_image\" \/>\n<meta name=\"twitter:label1\" content=\"Tempo di lettura stimato\" \/>\n\t<meta name=\"twitter:data1\" content=\"3 minuti\" \/>\n<script type=\"application\/ld+json\" class=\"yoast-schema-graph\">{\"@context\":\"https:\/\/schema.org\",\"@graph\":[{\"@type\":\"WebPage\",\"@id\":\"https:\/\/suedtirol.steinwerkstatt.com\/restaurierung\/\",\"url\":\"https:\/\/suedtirol.steinwerkstatt.com\/restaurierung\/\",\"name\":\"Naturstein- & Denkmalrestaurierung in S\u00fcdtirol vom Profi\",\"isPartOf\":{\"@id\":\"https:\/\/suedtirol.steinwerkstatt.com\/#website\"},\"datePublished\":\"2022-02-07T09:08:01+00:00\",\"dateModified\":\"2026-03-20T14:31:59+00:00\",\"description\":\"Fachgerechte Restaurierung von Naturstein, Fassaden und Denkm\u00e4lern in S\u00fcdtirol. Reinigung und nachhaltige Instandhaltung durch erfahrene Steinmetzmeister.\",\"breadcrumb\":{\"@id\":\"https:\/\/suedtirol.steinwerkstatt.com\/restaurierung\/#breadcrumb\"},\"inLanguage\":\"it-IT\",\"potentialAction\":[{\"@type\":\"ReadAction\",\"target\":[\"https:\/\/suedtirol.steinwerkstatt.com\/restaurierung\/\"]}]},{\"@type\":\"BreadcrumbList\",\"@id\":\"https:\/\/suedtirol.steinwerkstatt.com\/restaurierung\/#breadcrumb\",\"itemListElement\":[{\"@type\":\"ListItem\",\"position\":1,\"name\":\"Start\",\"item\":\"https:\/\/suedtirol.steinwerkstatt.com\/\"},{\"@type\":\"ListItem\",\"position\":2,\"name\":\"Restaurierung\"}]},{\"@type\":\"WebSite\",\"@id\":\"https:\/\/suedtirol.steinwerkstatt.com\/#website\",\"url\":\"https:\/\/suedtirol.steinwerkstatt.com\/\",\"name\":\"Schrade Stein Bildhauer\",\"description\":\"Luis Schrade - Steinwerkstatt in Isny, Maierh\u00f6fen\",\"publisher\":{\"@id\":\"https:\/\/suedtirol.steinwerkstatt.com\/#organization\"},\"potentialAction\":[{\"@type\":\"SearchAction\",\"target\":{\"@type\":\"EntryPoint\",\"urlTemplate\":\"https:\/\/suedtirol.steinwerkstatt.com\/?s={search_term_string}\"},\"query-input\":{\"@type\":\"PropertyValueSpecification\",\"valueRequired\":true,\"valueName\":\"search_term_string\"}}],\"inLanguage\":\"it-IT\"},{\"@type\":\"Organization\",\"@id\":\"https:\/\/suedtirol.steinwerkstatt.com\/#organization\",\"name\":\"Schrade Stein Bildhauer\",\"url\":\"https:\/\/suedtirol.steinwerkstatt.com\/\",\"logo\":{\"@type\":\"ImageObject\",\"inLanguage\":\"it-IT\",\"@id\":\"https:\/\/suedtirol.steinwerkstatt.com\/#\/schema\/logo\/image\/\",\"url\":\"https:\/\/suedtirol.steinwerkstatt.com\/wp-content\/uploads\/2022\/03\/cropped-logo.png\",\"contentUrl\":\"https:\/\/suedtirol.steinwerkstatt.com\/wp-content\/uploads\/2022\/03\/cropped-logo.png\",\"width\":505,\"height\":228,\"caption\":\"Schrade Stein Bildhauer\"},\"image\":{\"@id\":\"https:\/\/suedtirol.steinwerkstatt.com\/#\/schema\/logo\/image\/\"},\"sameAs\":[\"https:\/\/www.instagram.com\/luisschrade\/\"]}]}<\/script>\n<!-- \/ Yoast SEO plugin. -->","yoast_head_json":{"title":"Naturstein- & Denkmalrestaurierung in S\u00fcdtirol vom Profi","description":"Fachgerechte Restaurierung von Naturstein, Fassaden und Denkm\u00e4lern in S\u00fcdtirol. Reinigung und nachhaltige Instandhaltung durch erfahrene Steinmetzmeister.","robots":{"index":"index","follow":"follow","max-snippet":"max-snippet:-1","max-image-preview":"max-image-preview:large","max-video-preview":"max-video-preview:-1"},"canonical":"https:\/\/suedtirol.steinwerkstatt.com\/it\/restaurierung\/","og_locale":"it_IT","og_type":"article","og_title":"Naturstein- & Denkmalrestaurierung in S\u00fcdtirol vom Profi","og_description":"Fachgerechte Restaurierung von Naturstein, Fassaden und Denkm\u00e4lern in S\u00fcdtirol. Reinigung und nachhaltige Instandhaltung durch erfahrene Steinmetzmeister.","og_url":"https:\/\/suedtirol.steinwerkstatt.com\/it\/restaurierung\/","og_site_name":"Schrade Stein Bildhauer","article_modified_time":"2026-03-20T14:31:59+00:00","og_image":[{"width":1920,"height":1280,"url":"https:\/\/suedtirol.steinwerkstatt.com\/wp-content\/uploads\/2022\/02\/Schrade-Luis-11.jpg","type":"image\/jpeg"}],"twitter_card":"summary_large_image","twitter_misc":{"Tempo di lettura stimato":"3 minuti"},"schema":{"@context":"https:\/\/schema.org","@graph":[{"@type":"WebPage","@id":"https:\/\/suedtirol.steinwerkstatt.com\/restaurierung\/","url":"https:\/\/suedtirol.steinwerkstatt.com\/restaurierung\/","name":"Naturstein- & Denkmalrestaurierung in S\u00fcdtirol vom Profi","isPartOf":{"@id":"https:\/\/suedtirol.steinwerkstatt.com\/#website"},"datePublished":"2022-02-07T09:08:01+00:00","dateModified":"2026-03-20T14:31:59+00:00","description":"Fachgerechte Restaurierung von Naturstein, Fassaden und Denkm\u00e4lern in S\u00fcdtirol. Reinigung und nachhaltige Instandhaltung durch erfahrene Steinmetzmeister.","breadcrumb":{"@id":"https:\/\/suedtirol.steinwerkstatt.com\/restaurierung\/#breadcrumb"},"inLanguage":"it-IT","potentialAction":[{"@type":"ReadAction","target":["https:\/\/suedtirol.steinwerkstatt.com\/restaurierung\/"]}]},{"@type":"BreadcrumbList","@id":"https:\/\/suedtirol.steinwerkstatt.com\/restaurierung\/#breadcrumb","itemListElement":[{"@type":"ListItem","position":1,"name":"Start","item":"https:\/\/suedtirol.steinwerkstatt.com\/"},{"@type":"ListItem","position":2,"name":"Restaurierung"}]},{"@type":"WebSite","@id":"https:\/\/suedtirol.steinwerkstatt.com\/#website","url":"https:\/\/suedtirol.steinwerkstatt.com\/","name":"Schrade Stein Bildhauer","description":"Luis Schrade - Steinwerkstatt in Isny, Maierh\u00f6fen","publisher":{"@id":"https:\/\/suedtirol.steinwerkstatt.com\/#organization"},"potentialAction":[{"@type":"SearchAction","target":{"@type":"EntryPoint","urlTemplate":"https:\/\/suedtirol.steinwerkstatt.com\/?s={search_term_string}"},"query-input":{"@type":"PropertyValueSpecification","valueRequired":true,"valueName":"search_term_string"}}],"inLanguage":"it-IT"},{"@type":"Organization","@id":"https:\/\/suedtirol.steinwerkstatt.com\/#organization","name":"Schrade Stein Bildhauer","url":"https:\/\/suedtirol.steinwerkstatt.com\/","logo":{"@type":"ImageObject","inLanguage":"it-IT","@id":"https:\/\/suedtirol.steinwerkstatt.com\/#\/schema\/logo\/image\/","url":"https:\/\/suedtirol.steinwerkstatt.com\/wp-content\/uploads\/2022\/03\/cropped-logo.png","contentUrl":"https:\/\/suedtirol.steinwerkstatt.com\/wp-content\/uploads\/2022\/03\/cropped-logo.png","width":505,"height":228,"caption":"Schrade Stein Bildhauer"},"image":{"@id":"https:\/\/suedtirol.steinwerkstatt.com\/#\/schema\/logo\/image\/"},"sameAs":["https:\/\/www.instagram.com\/luisschrade\/"]}]}},"_links":{"self":[{"href":"https:\/\/suedtirol.steinwerkstatt.com\/it\/wp-json\/wp\/v2\/pages\/823","targetHints":{"allow":["GET"]}}],"collection":[{"href":"https:\/\/suedtirol.steinwerkstatt.com\/it\/wp-json\/wp\/v2\/pages"}],"about":[{"href":"https:\/\/suedtirol.steinwerkstatt.com\/it\/wp-json\/wp\/v2\/types\/page"}],"author":[{"embeddable":true,"href":"https:\/\/suedtirol.steinwerkstatt.com\/it\/wp-json\/wp\/v2\/users\/1"}],"replies":[{"embeddable":true,"href":"https:\/\/suedtirol.steinwerkstatt.com\/it\/wp-json\/wp\/v2\/comments?post=823"}],"version-history":[{"count":0,"href":"https:\/\/suedtirol.steinwerkstatt.com\/it\/wp-json\/wp\/v2\/pages\/823\/revisions"}],"wp:attachment":[{"href":"https:\/\/suedtirol.steinwerkstatt.com\/it\/wp-json\/wp\/v2\/media?parent=823"}],"curies":[{"name":"wp","href":"https:\/\/api.w.org\/{rel}","templated":true}]}}